{"id":945,"date":"2018-12-27T18:51:31","date_gmt":"2018-12-27T18:51:31","guid":{"rendered":"http:\/\/meumon.synology.me\/museu\/?page_id=945"},"modified":"2026-04-21T10:15:27","modified_gmt":"2026-04-21T10:15:27","slug":"41-la-vida-humana","status":"publish","type":"page","link":"http:\/\/meumon.synology.me\/museu\/4-inventari-tot\/41-la-vida-humana\/","title":{"rendered":"41 La Vida Humana"},"content":{"rendered":"<p><a href=\"http:\/\/meumon.synology.me\/museu\/4-inventari-tot\/41-la-vida-humana\/#introduccio\">Introducci\u00f3<\/a>\u00a0 \u00a0 |\u00a0 \u00a0<a href=\"http:\/\/meumon.synology.me\/museu\/4-inventari-tot\/41-la-vida-humana\/#historiapensarvidahumana\">Hist\u00f2ria de com s&#8217;ha pensat la vida humana<\/a>\u00a0 |\u00a0 <a href=\"http:\/\/meumon.synology.me\/museu\/4-inventari-tot\/41-la-vida-humana\/#ontogeniafilogenia\">Ontog\u00e8nia i filog\u00e8nia<\/a>\u00a0 \u00a0|\u00a0 \u00a0 <a href=\"http:\/\/meumon.synology.me\/museu\/el-cos-huma\/\">El cos<\/a>, <a style=\"font-size: 1rem;\" href=\"http:\/\/meumon.synology.me\/museu\/cervell-xarxa-neuronal\/\">Cervell, Xarxa neuronal<\/a>\u00a0 \u00a0 |\u00a0 \u00a0Conducta: <a style=\"cursor: pointer !important; user-select: none !important;\" href=\"http:\/\/meumon.synology.me\/museu\/4-inventari-tot\/41-la-vida-humana\/#psicologia\">Psicologia<\/a>\u00a0 \u00a0|\u00a0 <a href=\"http:\/\/meumon.synology.me\/museu\/4-inventari-tot\/41-la-vida-humana\/#xarxa\">Xarxa de vides, societat i cultura<\/a>\u00a0 \u00a0|\u00a0 \u00a0<a href=\"http:\/\/meumon.synology.me\/museu\/lexperiencia-humana\/#experiencia\">L&#8217;experi\u00e8ncia humana<\/a>\u00a0 \u00a0 |\u00a0 \u00a0 <a href=\"http:\/\/meumon.synology.me\/museu\/4-inventari-tot\/41-la-vida-humana\/#videshumanes\">Vides humanes<\/a>\u00a0 \u00a0 |\u00a0 \u00a0 <a href=\"http:\/\/meumon.synology.me\/museu\/4-inventari-tot\/41-la-vida-humana\/#discussio\">Discussi\u00f3<\/a>\u00a0 |\u00a0 <a href=\"http:\/\/meumon.synology.me\/museu\/4-inventari-tot\/41-la-vida-humana\/#museu\">Museu<\/a><\/p>\n<hr \/>\n<h2 id=\"introduccio\">Introducci\u00f3<\/h2>\n<p><strong>Qu\u00e8 trobem? Diversitat de dimensions i nivells<\/strong><\/p>\n<ul>\n<li>Al mat\u00ed he sortit a c\u00f3rrer. Ara estic assegut, bec una tassa te de calent, sento certa nost\u00e0lgia de quan vivia a Vilafranca40, penso qu\u00e8 far\u00e9 aquest cap de setmana, escric un whatsapp: S\u00f3c un <strong>cos<\/strong> que es mou en l&#8217;espai, que \u00e9s conscient de viure certes <strong>experi\u00e8ncies<\/strong>,\u00a0 sensacions que m&#8217;arriben del que veig, del que menjo, de si em fa mal alguna cosa, sentiments, records, que es comunica amb altres humans]<\/li>\n<li>Surto al carrer, potser veig alg\u00fa que reacciona enfadat a un incident de tr\u00e0nsit.<\/li>\n<li>He tingut dues filles, la Teresa i la Maria. Cuido del pare. Surto a ballar i algunes \u00e8poques de la meva vida he tingut parella. Tinc alguns amics amb qui quedo de tant en tant. He treballat i cobrat un sou, i ara la pensi\u00f3.. Cada setmana compro el menjar, potser pagar\u00e9 una entrada per anar a ballar o renovar\u00e9 alguna pe\u00e7a de roba. Encara em queden uns anys de pagar hipoteca.<\/li>\n<li>Vaig estudiar batxillerat i dues carreres, m&#8217;informo els matins amb la BBC i elNacional que alguna vegada comento amb el grup de jubilats. Faig un post sobre Mardi Gras. Estic llegint una novel\u00b7la xinesa i estudiant el g\u00e8nere del paisatge en pintura. Vaig cr\u00e9ixer en un ambient religi\u00f3s.<\/li>\n<li>Tinc un model aproximat de com funciona el m\u00f3n, com va comen\u00e7ar, la seva hist\u00f2ria. Tinc certes creences quant a la possibilitat del transcendent, i quant a ls just\u00edcia.<\/li>\n<\/ul>\n<p>Quan el meu dit prem una tecla a l&#8217;ordinador, enviant un missatge de feina o quedant per una cita,\u00a0est\u00e0 passant alguna cosa a diferents nivells:<\/p>\n<ul>\n<li>Es despla\u00e7a una massa en l&#8217;espai que fa un treball despla\u00e7ant la tecla. Uns filaments de miosina s&#8217;han despla\u00e7at sobre els d&#8217;actina en una fibril\u00b7la muscular.\u00a0 Canvia la concentraci\u00f3 d&#8217;ions de Ca2+.<\/li>\n<li>Del c\u00f3rtex surt un senyal que va a la medul\u00b7la a la columna i passa una motoneurona que activa el m\u00fascul.<\/li>\n<li>Tinc una sensaci\u00f3 de satisfacci\u00f3 en completar una feina que potser em suposar\u00e0 un bonus que em permetr\u00e0 anar de vacances. Potser es tracta dels c\u00e0lculs que faltaven per comen\u00e7ar la construcci\u00f3 d&#8217;un pont. O b\u00e9 podria tractar-se d&#8217;un missatge proposant una sortida a una noia amb qui voldria comen\u00e7ar una relaci\u00f3, i un un sentiment d&#8217;esperan\u00e7a. O b\u00e9 es tracta de la cancel\u00b7laci\u00f3 d&#8217;uns subscripci\u00f3, enfadat perqu\u00e8 no han complert el que havien prom\u00e8s.<\/li>\n<\/ul>\n<p>Sembla que la vida humana transcorre a diferents nivells i dimensions (<a href=\"http:\/\/meumon.synology.me\/museu\/sis-contemplacions\/\">Sis contemplacions<\/a>).<\/p>\n<p>Com a tot format per parts:<\/p>\n<ul>\n<li>un organisme format per \u00a030 10<sup>12<\/sup> c\u00e8l\u00b7lules pr\u00f2pies i altres bacteris (<a href=\"http:\/\/meumon.synology.me\/museu\/lhome-el-cos\/\">el cos<\/a>) en constant renovaci\u00f3. [cervell]<\/li>\n<li>una identitat que es retroba i reconeix cada cop que est\u00e0 conscient d&#8217;unes experi\u00e8ncies que se succeeixen [\u00a0<a href=\"http:\/\/meumon.synology.me\/museu\/vigilia-son-consciencia-inconscient\/#correntconsciencia\">Corrent de consci\u00e8ncia<\/a>\u00a0<a href=\"http:\/\/meumon.synology.me\/museu\/vigilia-son-consciencia-inconscient\/#vidamental\">\u00a0la vida de la ment<\/a>, <a href=\"http:\/\/meumon.synology.me\/museu\/lexperiencia-humana\/\">L\u2019experi\u00e8ncia humana<\/a>\u00a0], emergint d&#8217;un conjunt de processos cerebrals. (<a href=\"http:\/\/meumon.synology.me\/museu\/cervell-xarxa-neuronal\/\">Cervell, Xarxa neuronal<\/a>.<\/li>\n<li>un subjecte que reacciona amb respostes davant de certs est\u00edmuls, la conducta que estudien els psic\u00f2legs (<a href=\"http:\/\/meumon.synology.me\/museu\/psicologia\/\">Psicologia<\/a>).<\/li>\n<li>Potser una \u00a0<a href=\"http:\/\/meumon.synology.me\/museu\/vides-humanes\/\">Vida humana<\/a> formada per experi\u00e8ncies, narraci\u00f3 autobiogr\u00e0fica, projectes i\u00a0 eleccions, adaptacions.<\/li>\n<\/ul>\n<p>Com a part d&#8217;un tot:<\/p>\n<ul>\n<li>portador de gens, part d&#8217;un pool gen\u00e8tic que ha estat evolucionant des de fa 3.400M d&#8217;anys.<\/li>\n<li>membre d&#8217;una cultura, portador de mems<\/li>\n<li>part d&#8217;una poblaci\u00f3 i una comunitat d&#8217;on rebo i aporto coses. Potser no ens haur\u00edem de veure un un sistema en el medi sin\u00f3 com un node d&#8217;una xarxa en el medi, la xarxa t\u00e9 prou entitat com per distingir-la d&#8217;un medi indiferenciat.<\/li>\n<\/ul>\n<p><strong>Preguntes<\/strong><\/p>\n<ul>\n<li>Com apleguem totes les diferents mirades sobre la vida humana? \u00c9s un sistema, com una capsa negra, que estudiem veient com reacciona a diferents est\u00edmuls? La capsa negra t\u00e9 diferents nivells? Com els relacionem amb les \u00e0rees de la psicologia? Cal pensar en una xarxa a m\u00e9s d&#8217;una capsa negra que rep est\u00edmuls?<br \/>\nQuins s\u00f3n els diferents discursos sobre l&#8217;home, quins inventaris podem fer que exhaureixin el que podem dir de la condici\u00f3 humana? \u2192\u00a0<a style=\"cursor: pointer !important; user-select: none !important;\" href=\"http:\/\/meumon.synology.me\/museu\/invscons\/\">invscons<\/a><\/li>\n<li>Que en l&#8217;home es troben diferents dimensions ho mostra que els primers &#8220;psic\u00f2legs&#8221;, com Wundt, tenien formaci\u00f3 en fisiologia i en filosofia. Com s&#8217;ha pensat la vida humana des l&#8217;antiguitat fins a la psicologia moderna passant per l&#8217;antropologia filos\u00f2fica i la medicina? \u2192 [<a style=\"cursor: pointer !important; user-select: none !important;\" href=\"http:\/\/meumon.synology.me\/museu\/4-inventari-tot\/41-la-vida-humana\/#historiapensarvidahumana'\">Hist\u00f2ria de com s&#8217;ha pensat la vida humana<\/a>]<\/li>\n<li>Com apareix la vida humana en l&#8217;evoluci\u00f3 de les esp\u00e8cies? Quina continu\u00eftat hi ha entre la conducta humana i la \u00a0<a href=\"http:\/\/meumon.synology.me\/museu\/regulacio-sistema-nervios-i-conducta\/#conducta\">conducta animal<\/a>?\u00a0 Com apareix la vida humana a partir d&#8217;una \u00fanica c\u00e8l\u00b7lula \u2192 [ <a href=\"http:\/\/meumon.synology.me\/museu\/regulacio-sistema-nervios-i-conducta\/#evoluciopsiquisme\">evoluci\u00f3 del psiquisme<\/a>, <a href=\"http:\/\/meumon.synology.me\/museu\/evolucio-humana\/\">Evoluci\u00f3 humana<\/a>,\u00a0 <a href=\"http:\/\/meumon.synology.me\/museu\/desenvolupament\/\">desenvolupament<\/a>]?<\/li>\n<li>l&#8217;experi\u00e8ncia conscient, \u00e9s un nou tipus realitat radicalment diferent a la del m\u00f3n f\u00edsic? Quin ha estat el debat des de l&#8217;antiguitat fins a Chalmers i Dennet passant pel dualisme de Descartes? \u2192 [<a href=\"http:\/\/meumon.synology.me\/museu\/lexperiencia-humana\/\">L&#8217;experi\u00e8ncia humana<\/a>, <a href=\"http:\/\/meumon.synology.me\/museu\/consciencia-ment-i-materia\/\">Consci\u00e8ncia, ment i mat\u00e8ria<\/a>]. A m\u00e9s de la consci\u00e8ncia, quines altres emerg\u00e8ncies hi ha? Quina mena de consist\u00e8ncia t\u00e9 la vida humana? \u00c9s com el vaixell de Teseu? T\u00e9 sentit parlar del jo? Podem parlar de causalitat interna o llibertat? \u2192 [<a href=\"http:\/\/meumon.synology.me\/museu\/antropologia-determinista-complement\/\">Antropologia determinista. Complement<\/a>,\u00a0\u00a0<a href=\"http:\/\/meumon.synology.me\/museu\/nivells-de-complexitat-i-emergencia-de-propietats\/\">Nivells de complexitat i emerg\u00e8ncia de propietats<\/a>,\u00a0\u00a0<a href=\"http:\/\/meumon.synology.me\/museu\/el-jo-invariants-i-continuitat\/\">El jo, invariants i continu\u00eftat<\/a>\u00a0(2022),\u00a0<a href=\"http:\/\/meumon.synology.me\/museu\/llibertat-i-determinisme\/\">llibertat i determinisme<\/a>,\u00a0<a href=\"http:\/\/meumon.synology.me\/museu\/nivells-de-complexitat-i-emergencia-de-propietats\/\">nivells i emerg\u00e8ncia de propietats<\/a>]<\/li>\n<\/ul>\n<hr \/>\n<h2 id=\"historiapensarvidahumana\">Hist\u00f2ria de com s&#8217;ha pensat la vida humana<\/h2>\n<p><a style=\"cursor: pointer !important; user-select: none !important;\" href=\"http:\/\/meumon.synology.me\/museu\/antropologia-filosofica\/\">Antropologia filos\u00f2fica<\/a>: [S&#8217;identifiquen les facultats intel\u00b7lectuals i les passions (Arist\u00f2til, Tom\u00e0s d&#8217;Aquino) <a href=\"http:\/\/meumon.synology.me\/museu\/els-quatre-humors-i-temperaments\/\">Els quatre humors i temperaments<\/a>; l&#8217;experi\u00e8ncia introspectiva (Plot\u00ed, Agust\u00ed, Descartes, William James, es planteja el problema de la ment i el cos.] Valoracions: la ra\u00f3 (Plat\u00f3), possibilitat d&#8217;elevar-se (Scheler), abocat al moment i la mort (Heidegger), projecte que es fa (Sartre).<\/p>\n<p><a href=\"http:\/\/meumon.synology.me\/museu\/religions-comparades\/#antropologia\">Des de la religi\u00f3<\/a>: Un diagn\u00f2stic sobre la mis\u00e8ria humana (pecat al cristianisme, confusi\u00f3 a budisme i hinduisme), i una proposta de salvaci\u00f3 (el sagrament de l&#8217;esgl\u00e9sia, l&#8217;entrenament amb un mestre al budisme i hinduisme).\u00a0 <span style=\"font-size: 1rem;\">La difer\u00e8ncia antropol\u00f2gica m\u00e9s profunda \u00e9s que el cristianisme preserva el jo individual fins i tot en la salvaci\u00f3 mentre que en el budisme i l&#8217;hinduisme, el jo com a entitat separada \u00e9s una construcci\u00f3 il\u00b7lus\u00f2ria. La salvaci\u00f3 \u00e9s immanent, no un premi futur que ens d\u00f3na D\u00e9u compensant el patiment actual. (<a href=\"http:\/\/meumon.synology.me\/museu\/sis-contemplacions\/#sagrat\">El sagrat en mi<\/a>)<\/span><\/p>\n<p><a href=\"http:\/\/meumon.synology.me\/museu\/antropologia-en-literatura-i-biografia\/#literatura\">Antropologia en la literatura<\/a> : [Observem &#8220;de fora&#8221; qu\u00e8 passa i qu\u00e8 fan els herois de l&#8217;\u00e8pica i els personatges de les trag\u00e8dies, sotmesos al dest\u00ed i els d\u00e9us. Escoltem les emocions que expressen els autors de la l\u00edrica grega. Amb la novel\u00b7la comencem a tenir acc\u00e9s &#8220;a dins&#8221;, als sentiments i pensaments no expressats en veu alta.\u00a0 En la novel\u00b7la moderna baixem al corrent de consci\u00e8ncia. En la &#8220;causalitat humana&#8221; hi entren passions, ambicions &#8220;de dins&#8221; i determinacions &#8220;de fora&#8221;, els d\u00e9us, la biologia, traumes infantils, la societat. Podem tenir un dibuix d&#8217;una identitat s\u00f2lida o un flux que es va fent.]<br \/>\n<a href=\"http:\/\/meumon.synology.me\/museu\/antropologia-en-literatura-i-biografia\/#biografia\">Antropologia en la biografia<\/a>: existeixen dos pols, el de l&#8217;home &#8220;llen\u00e7at al m\u00f3n&#8221; al qual li van passant coses, determinats per les circumst\u00e0ncies (Bourdieu) i el de l&#8217;home &#8220;que s&#8217;obre cam\u00ed&#8221;, que t\u00e9 un projecte (Dilthey). La identitat d&#8217;un jo emergeix a partir de la narraci\u00f3 que ens fem sobre nosaltres mateixos. (<a href=\"http:\/\/meumon.synology.me\/museu\/sis-contemplacions\/#relat\">El meu relat reescrivint-se<\/a>)<\/p>\n<p>Des de la medicina, <a style=\"cursor: pointer !important; user-select: none !important;\" href=\"http:\/\/meumon.synology.me\/museu\/historia-de-la-medecina\/\">Hist\u00f2ria de la medicina<\/a>. Gal\u00e8 i els 4 humors, dissecci\u00f3 al s16, El cos com a m\u00e0quina qu\u00edmica s19, el cos com m\u00e0quina impresa a partir dels pl\u00e0nols gen\u00e8tics al s20. [un organisme amb impulsos i homeastasi] (.<a href=\"http:\/\/meumon.synology.me\/museu\/sis-contemplacions\/#cos\">\u00a0El meu cos en constant reconstrucci\u00f3<\/a>)<br \/>\nDes de la neurologia (<a href=\"http:\/\/meumon.synology.me\/museu\/cervell-xarxa-neuronal\/#lesionshistologia\">Estudi a partir de lesions i mapes per histologia<\/a>\u00a0 1864)\u00a0 i <a href=\"http:\/\/meumon.synology.me\/museu\/cervell-xarxa-neuronal\/#ccognitivesxarxesneuronals\">Ci\u00e8ncies cognitives i Xarxes neuronals<\/a>\u00a0 (1960). [un ordinador]<br \/>\nDes de la biologia i teoria de l&#8217;evoluci\u00f3: <a href=\"http:\/\/meumon.synology.me\/museu\/teoria-de-levolucio-de-darwin\/\">Darwin<\/a> (1859),\u00a0 Paleoantropologia i <a href=\"http:\/\/meumon.synology.me\/museu\/estudi-de-levolucio-humana\/\">evoluci\u00f3 humana\u00a0<\/a> (1925). (<a href=\"http:\/\/meumon.synology.me\/museu\/sis-contemplacions\/#evolucio\">Levoluci\u00f3 en mi<\/a>)<\/p>\n<p>Des de les ci\u00e8ncies humanes . [l&#8217;home com a part d&#8217;una comunitat, d&#8217;un poble, resultat de la hist\u00f2ria, i de l&#8217;evoluci\u00f3, gastant o estalviant, alineant-se o resistint, determinat per la civilitzaci\u00f3 o situaci\u00f3 socioecon\u00f2mica. La q\u00fcesti\u00f3 de si hi ha una evoluci\u00f3 o dial\u00e8ctica, si podem progressar ] Filosofia pol\u00edtica (Arist\u00f2til, Plat\u00f3, Hobbes, Rousseau, Montesquieu, Marx) Hist\u00f2ria dels pobles.<br \/>\ns19: El\u00a0<a href=\"http:\/\/meumon.synology.me\/museu\/el-descobriment-de-la-prehistoria\/\">\u201cdescobriment\u201d de la prehist\u00f2ria<\/a> (enlla\u00e7ant amb l&#8217;evoluci\u00f3 humana), <a href=\"http:\/\/meumon.synology.me\/museu\/expedicions-arqueologiques-i-jaciments\/\">Expedicions arqueol\u00f2giques<\/a> filosofia de la hist\u00f2ria [l&#8217;home com a part d&#8217;una dial\u00e8ctica de civilitzacions que se succeeixen analogia amb l&#8217;evoluci\u00f3]|\u00a0 <a href=\"http:\/\/meumon.synology.me\/museu\/historia-i-ciencies-humanes-s19-s20\/\">S19 i s20, Ci\u00e8ncies humanes<\/a>: economia [subjecte que gasta o estalvia], antropologia cultural [societats primitives, l&#8217;home vivint segons l&#8217;entorn f\u00edsic, estructura social i conjunt de creences (superestructura),] Sociologia [l&#8217;home determinat per les condicions socioecon\u00f2miques]. Ci\u00e8ncies pol\u00edtiques. \u00a0(<a href=\"http:\/\/meumon.synology.me\/museu\/sis-contemplacions\/#historia\">La hist\u00f2ria en mi<\/a>)<\/p>\n<p><a href=\"http:\/\/meumon.synology.me\/museu\/historia-de-la-psicologia\/\">Hist\u00f2ria de la psicologia<\/a>.\u00a0 A finals de s19 es va acumulant troballes sobre diferents aspectes [no hi ha una teoria global]. Fisiologia de les sensacions, corrent de consci\u00e8ncia de James, el model psicodin\u00e0mic de Freud, com agrupem percepcions amb la Gestalt, l&#8217;estudi capsa negra del conductisme, el desenvolupament cognitiu de Piaget, la ment com a sistema que processa informaci\u00f3 del cognitivisme, la ment coma\u00a0 xarxa de neurones en el connexionisme i la neuroci\u00e8ncia.<\/p>\n<p>[Quina necessitat que tenim els humans a sentir-nos superiors! A l&#8217;antiguitat, quan no existien ordinadors, ens enorgull\u00edem de tenir la ra\u00f3 que ens diferenciava dels animals, i menysten\u00edem les passions i les emocions. Avui, quan la AI supera les ments humanes en moltes tasques (comen\u00e7ant per la vict\u00f2ria de Deep Blue contra Kasparov), ens afanyem a subratllar la import\u00e0ncia de la consci\u00e8ncia i les emocions, que les m\u00e0quines no tenen.]<\/p>\n<hr \/>\n<h2 id=\"ontogeniafilogenia\">Filog\u00e8nia i ontog\u00e8nia<\/h2>\n<p><strong>Com arriba a ser, difer\u00e8ncia amb els animals, desenvolupament<\/strong><\/p>\n<p>Organisme resultat de l&#8217;evoluci\u00f3, que creix en un medi social [igual que el ADN necessita un medi com l&#8217;\u00fater] les capacitats humanes necessiten un \u00fater. Van apareixent necessitats que satisfem amb diferents tipus de conducta:<\/p>\n<p>instins (heretats gen\u00e8ticament)<br \/>\nconducta apresa per condicionament (incorporada)<br \/>\nconducta pensada com a soluci\u00f3 de problemes (pr\u00f2pia o transmesa culturalment)<br \/>\nEn aquesta terra, amb animals, \u00bfcom va apar\u00e8ixer una esp\u00e8cie com la que s\u00f3c, amb una vida mental? Una esp\u00e8cie biol\u00f2gica (sistema nervi\u00f3s i conducta als animals) que evoluciona (evoluci\u00f3 psiquisme en els animals, evoluci\u00f3 cervell als primats) i colonitza la terra comen\u00e7ant la hist\u00f2ria ( migracions Homo S\u00e0piens).<\/p>\n<hr \/>\n<h2 id=\"coscervell\">El cos i el cervell<\/h2>\n<ul>\n<li>Com \u00e9s el meu cos? <a href=\"http:\/\/meumon.synology.me\/museu\/el-cos-huma\/\">El cos<\/a> :\u00a0<a href=\"http:\/\/meumon.synology.me\/museu\/el-cos-huma\/#costrobem\">El que ens trobem<\/a>.\u00a0<a href=\"http:\/\/meumon.synology.me\/museu\/el-cos-huma\/#historiamedecina\">Ha de la medecina<\/a>.<a href=\"http:\/\/meumon.synology.me\/museu\/el-cos-huma\/#anatomiafisiologia\">\u00a0Anatomia i fisiologia<\/a>.\u00a0<a href=\"http:\/\/meumon.synology.me\/museu\/el-cos-huma\/#genomahuma\">Genoma<\/a>.\u00a0<a href=\"http:\/\/meumon.synology.me\/museu\/el-cos-huma\/#salut\">Salut<\/a>.\u00a0 <a href=\"http:\/\/meumon.synology.me\/museu\/el-cos-huma\/#percepciocos\">La percepci\u00f3 del cos<\/a>.\u00a0<a href=\"http:\/\/meumon.synology.me\/museu\/el-cos-huma\/#questions\">Q\u00fcestions<\/a>.\u00a0<a href=\"http:\/\/meumon.synology.me\/museu\/el-cos-huma\/#contemplacio\">Contemplaci\u00f3<\/a>.<\/li>\n<li>Com emergeix la vida mental? <a href=\"http:\/\/meumon.synology.me\/museu\/cervell-xarxa-neuronal\/\">Cervell, Xarxa neuronal<\/a>: <a href=\"http:\/\/meumon.synology.me\/museu\/cervell-xarxa-neuronal\/#vidamental\">On rau la vida mental?<\/a>\u00a0 <a href=\"http:\/\/meumon.synology.me\/museu\/cervell-xarxa-neuronal\/#lesionshistologia\">Estudi del cervell a partir de lesions i mapes per histologia<\/a>\u00a0 \u00a0<a href=\"http:\/\/meumon.synology.me\/museu\/cervell-xarxa-neuronal\/#ccognitivesxarxesneuronals\">Ci\u00e8ncies cognitives i Xarxes neuronals<\/a>\u00a0 \u00a0<a href=\"http:\/\/meumon.synology.me\/museu\/cervell-xarxa-neuronal\/#mapesimatge\">Mapes per imatge<\/a>\u00a0 i connectomes\u00a0 \u00a0 <a href=\"http:\/\/meumon.synology.me\/museu\/cervell-xarxa-neuronal\/#quepassacervell\">Qu\u00e8 passa al cervell?<\/a>\u00a0 \u00a0[<a href=\"http:\/\/meumon.synology.me\/museu\/cervell-xarxa-neuronal\/#neuronalmental\">De la Xarxa neuronal a la vida mental<\/a>]<br \/>\n<a href=\"http:\/\/meumon.synology.me\/museu\/cervell-xarxa-neuronal\/#questions\">Q\u00fcestions<\/a>: <a href=\"http:\/\/meumon.synology.me\/museu\/cervell-xarxa-neuronal\/#filosofiament\">Filosofia de la ment<\/a>. <a href=\"http:\/\/meumon.synology.me\/museu\/cervell-xarxa-neuronal\/#cervellpot\">Un cervell en un pot<\/a> . <a href=\"http:\/\/meumon.synology.me\/museu\/cervell-xarxa-neuronal\/#realitatvirtual\">Realitat virtual<\/a>.\u00a0 <a href=\"http:\/\/meumon.synology.me\/museu\/cervell-xarxa-neuronal\/#maquinesconscients\">Consci\u00e8ncia en m\u00e0quines<\/a>.\u00a0 <a href=\"http:\/\/meumon.synology.me\/museu\/cervell-xarxa-neuronal\/#mindupload\">Mind Upload<\/a>. <a href=\"http:\/\/meumon.synology.me\/museu\/cervell-xarxa-neuronal\/#dinsdelcap\">Dins del cap<\/a>.<\/li>\n<\/ul>\n<p>[on va la ci\u00e8ncia de qu\u00e8 passa a les xarxes neuronals? invscons\u00a0 \u00e9s encara medecina?no \u00e9s conducta observable,\u00a0\u00a0ilustrar neurones: Desxifrar el cervell. Jeff Lichtman, Brainbow<\/p>\n<hr \/>\n<h2 id=\"psicologia\"><a href=\"http:\/\/meumon.synology.me\/museu\/psicologia\/\">Psicologia<\/a><\/h2>\n<ul>\n<li>Com expliquem la conducta d&#8217;un individu?\n<ul>\n<li>[enc\u00e8s\/ apagat, son vig\u00edlia]<\/li>\n<li>[si enc\u00e8s: motivaci\u00f3, emocions + sensacions i percepci\u00f3] \u2192 conducta 1: repertori de respostes heretades \u2192 conducta2: repertori de conductes apreses \u2192 conducta3: repertori de conducta pensada o ensenyada pel grup. (conducta4 resultat resoluci\u00f3 forces id-ego-superego)<\/li>\n<\/ul>\n<\/li>\n<li>Com som i com arribem a ser-ho? desenvolupament, intel\u00b7lig\u00e8ncia, personalitat. Psicometria [Com deixem de funcionar? \u2192 Salut mental]<\/li>\n<\/ul>\n<p><a href=\"http:\/\/meumon.synology.me\/museu\/psicologia\/#introducciohistoria\">Introducci\u00f3<\/a>: camp sem\u00e0ntic i\u00a0<a href=\"http:\/\/meumon.synology.me\/museu\/psicologia\/#historia\">hist\u00f2ria<\/a>, aplicaci\u00f3 professional, preguntes<br \/>\n<a href=\"http:\/\/meumon.synology.me\/museu\/psicologia\/#vigiliason\">Vig\u00edlia i son<\/a>\u00a0 \u00a0\u00a0<a href=\"http:\/\/meumon.synology.me\/museu\/psicologia\/#sensacions\">Sensacions i percepci\u00f3<\/a>\u00a0 \u00a0<a href=\"http:\/\/meumon.synology.me\/museu\/psicologia\/#aprenentatgememoria\">Aprenentatge i mem\u00f2ria<\/a>\u00a0 \u00a0\u00a0<a href=\"http:\/\/meumon.synology.me\/museu\/psicologia\/#inteligenciaimaginacio\">Intel\u00b7lig\u00e8ncia, imaginaci\u00f3<\/a>\u00a0 \u00a0 \u00a0<a href=\"http:\/\/meumon.synology.me\/museu\/psicologia\/#afectivitatmotivacio\">Afectivitat, motivaci\u00f3<\/a>\u00a0 \u00a0\u00a0<a href=\"http:\/\/meumon.synology.me\/museu\/psicologia\/#desenvolupament\">Desenvolupament<\/a>\u00a0 \u00a0 \u00a0<a href=\"http:\/\/meumon.synology.me\/museu\/psicologia\/#personalitat\">Personalitat<\/a>\u00a0 \u00a0\u00a0<a href=\"http:\/\/meumon.synology.me\/museu\/psicologia\/#social\">Psicologia social<\/a>\u00a0\u00a0 \u00a0<a href=\"http:\/\/meumon.synology.me\/museu\/psicologia\/#patologies\">Salut mental<\/a>\u00a0\u00a0<a href=\"http:\/\/meumon.synology.me\/museu\/psicologia\/#discussio\">Discussi\u00f3<\/a>\u00a0 \u00a0 \u00a0<a href=\"http:\/\/meumon.synology.me\/museu\/psicologia\/#museu\">Museu<\/a><\/p>\n<hr \/>\n<h2 id=\"xarxa\">\u00a0Xarxa de vides, societat i cultura<\/h2>\n<ul>\n<li>[la gent, jo deia que la met\u00e0fora v\u00e0lida no \u00e9s un ordinador processant imatges de la c\u00e0mera de v\u00eddeo sin\u00f3 un ordinador en xarca]<\/li>\n<li>Receptor i propagador de mems i cultura\u00a0 [Genoma, Connectoma, &#8220;Memoma cultura&#8221;.<\/li>\n<\/ul>\n<p>no tant e-r sin\u00f3 intercanvi, qu\u00e8 rebo, qu\u00e8 transmeto. com els \u00e0toms, que absorbeixen una longitud d&#8217;ona i reboten unes altres<\/p>\n<p>elements de la societat, relacions pares- fills, veins , parella, treballador, aprenent, consumidor, depredador &#8211; presa \/\/\/ biografies, loteria del dest\u00ed -&gt; sociologia, hist\u00f2ria -&gt; moral<br \/>\ncreador i consumidor de productes culturals<\/p>\n<p>aprofundir la met\u00e0fora d&#8217;ordinadors en xarxa, per la dimensi\u00f3 de l&#8217;home en la societat i acceptant o no connexions amb altres ordinadors, com si fossin regles de firewall, continguts com actualitzaci\u00f3 de software]<\/p>\n<p>Haur\u00edem de pensar la vida humana especialment com un sistema en una xarxa\u00a0 humana i no nom\u00e9s com un sistema que reacciona a un medi de mat\u00e8ria, energia i senyals?<\/p>\n<hr \/>\n<h2 id=\"experiencia\">L&#8217;experi\u00e8ncia conscient<\/h2>\n<ul>\n<li>[La diversitat de l&#8217;experi\u00e8ncia humana: <a href=\"http:\/\/meumon.synology.me\/museu\/lexperiencia-humana\/\">L&#8217;experi\u00e8ncia humana<\/a>, tot el que existeix \u00e9s la meva experi\u00e8ncia, amb el que aprenc em situo com un petit moment en l&#8217;espai i el temps, esse est percipi.<\/li>\n<\/ul>\n<p>museu sentiments nostalgia del que ja no \u00e9s i no tornar\u00e0, i el que hauria pogut ser i no ser\u00e0 mai<\/p>\n<p>depressi\u00f3, avorriment taedium vitae<\/p>\n<p>https:\/\/en.wikipedia.org\/wiki\/Mind-wandering v http:\/\/meumon.synology.me\/museu\/vigilia-son-consciencia-inconscient\/#mindwandering<br \/>\nhttps:\/\/en.wikipedia.org\/wiki\/Stream_of_consciousness_(psychology) [t\u00e8cnica narrativa]<\/p>\n<blockquote class=\"wp-embedded-content\" data-secret=\"gbNvlSjI4x\"><p><a href=\"http:\/\/meumon.synology.me\/museu\/vigilia-son-consciencia-inconscient\/\">Vig\u00edlia, son, consci\u00e8ncia, inconscient<\/a><\/p><\/blockquote>\n<p><iframe class=\"wp-embedded-content\" sandbox=\"allow-scripts\" security=\"restricted\" style=\"position: absolute; clip: rect(1px, 1px, 1px, 1px);\" title=\"&#8220;Vig\u00edlia, son, consci\u00e8ncia, inconscient&#8221; &#8212; Museu ?!\" src=\"http:\/\/meumon.synology.me\/museu\/vigilia-son-consciencia-inconscient\/embed\/#?secret=bgHHQykMlh#?secret=gbNvlSjI4x\" data-secret=\"gbNvlSjI4x\" width=\"525\" height=\"296\" frameborder=\"0\" marginwidth=\"0\" marginheight=\"0\" scrolling=\"no\"><\/iframe><\/p>\n<p>https:\/\/en.wikipedia.org\/wiki\/Mental_state#Classification_according_to_Brentano<\/p>\n<p>https:\/\/en.wikipedia.org\/wiki\/Phenomenology_(psychology)<\/p>\n<p>punt de vista 1a persona i tercera persona:<\/p>\n<p>unes ulleres que simbolitzen que veiem el m\u00f3n a trav\u00e9s d&#8217;elles, no ens veiem a nosaltres \/\u00a0 \u00a0un laberint com d&#8217;experiment de rates on observem una figureta d&#8217;una huma<\/p>\n<p>cinema i literatura jcos:\u00a0 1 i 3a persona: pelis<\/p>\n<p>* Primera persona (introspecci\u00f3, self-reports, experi\u00e8ncia subjectiva)<br \/>\n* Tercera persona (observaci\u00f3 externa, conducta, mesura objectiva)<br \/>\n\ud83d\udcda Exemples literaris<br \/>\n1. Virginia Woolf \u2013 *Les ones* (1931) * Barreja mon\u00f2legs interiors en primera persona amb fragments narrats des d\u2019una perspectiva m\u00e9s externa i coral<br \/>\n2. William Faulkner \u2013 *The Sound and the Fury* (1929): * Les primeres seccions s\u00f3n narrades des del flux de consci\u00e8ncia (primera persona molt subjectiva). * Despr\u00e9s apareixen parts en tercera persona que donen context i permeten al lector veure el que els personatges no perceben.<br \/>\n3. Italo Svevo \u2013 *La consci\u00e8ncia de Zeno* (1923) * Tot el llibre \u00e9s el relat en primera persona del protagonista (un self-report fictici), per\u00f2 amb la ironia que el lector (i el psicoanalista destinatari) poden llegir des de fora all\u00f2 que el personatge no veu d\u2019ell mateix.<br \/>\n4. Unamuno \u2013 *Niebla* (1914) * Barreja un narrador extern amb moments en qu\u00e8 el protagonista pren la paraula i fins i tot discuteix amb l\u2019autor. * Un bon exemple de canvi de focalitzaci\u00f3 entre intern i extern.<br \/>\n\ud83c\udfa5 Exemples cinematogr\u00e0fics<br \/>\n1. Meshes of the Afternoon (Maya Deren, 1943) https:\/\/youtu.be\/JoETYvwI7I0<br \/>\n2. Lady in the Lake (Robert Montgomery, 1947) * Film noir narrat en POV, amb moments en qu\u00e8 el protagonista apareix reflectit: un bon contrast entre \u201cser\u201d dins del cap i \u201cveure\u2019s\u201d des de fora.<br \/>\n3. Enter the Void (Gaspar No\u00e9, 2009) * Primer POV pur, despr\u00e9s una c\u00e0mera flotant que observa el personatge des de fora: literalment passar de primera a tercera persona.<\/p>\n<p>[pornografia POV]<\/p>\n<p>https:\/\/aeon.co\/essays\/the-moral-imperative-to-learn-from-diverse-phenomenal-experiences la diversitat d&#8217;experi\u00e8ncies fenomenologia, difer\u00e8ncies entre que t\u00e9 imagiuanci\u00f3 visual i qui no, i qui &#8220;sent&#8221; la veu del di\u00e0leg interior [jo em puc moure per un espai imaginari i &#8220;reproduir&#8221; un concert]<\/p>\n<p>&nbsp;<\/p>\n<hr \/>\n<h2 id=\"videshumanes\">Vides humanes<\/h2>\n<p><strong>la narraci\u00f3, biografies, identitat<\/strong><\/p>\n<ul>\n<li><a href=\"http:\/\/meumon.synology.me\/museu\/vides-humanes\/\">Vides humanes<\/a> biografies autobiografies \/ vides humanes en la hist\u00f2ria\u00a0 [si alg\u00fa ens hagu\u00e9s de suplantar, o si haguessim de reprendre la nostra vida despr\u00e9s de perdre la mem\u00f2ria, com descriur\u00edem que fem cada dia, a casa, a l&#8217;escola o la feina, per que no notessin la difer\u00e8ncia? quins s\u00f3n els nostres costums tal com ens veuen de fora? com tractem la gent? qu\u00e8 ens agrada fer i qu\u00e8 evitem?]<\/li>\n<\/ul>\n<p>la fragililtat de la identitat , unes subst\u00e0ncies ens poden fer tenir una experi\u00e8ncia m\u00edstica <a href=\"http:\/\/meumon.synology.me\/museu\/drogues-alcohol-antidepressius-analgesics\/#debat\">debat\u00a0 ubst\u00e0ncies, alcohol, tabac, drogues, medicaments<\/a>: Re<\/p>\n<hr \/>\n<h2 id=\"discussio\">Discussi\u00f3<\/h2>\n<p>sdf<\/p>\n<hr \/>\n<h2 id=\"museu\">Museu<\/h2>\n<p>[Com hauria de ser un museu de la vida humana? Si jo s\u00f3c un mestre i vull portar els meus alumnes a con\u00e8ixer l&#8217;art, els puc portar al MNAC un museu d&#8217;art, si els vull fer con\u00e8ixer els minerals, les esp\u00e8cies animals, l&#8217;electricitat i el magnetisme, els puc dur a un museu de ci\u00e8ncies naturals. Si els vull explicar la psique humana, on els puc portar?<\/p>\n<ul>\n<li><a href=\"https:\/\/www.dhmd.de\">Deutsches Hygiene Museum<\/a>: Dresden. basat en el cos hum\u00e0 per\u00f2 amb exposicions temporals dedicades a l&#8217;esperit.<\/li>\n<li><a href=\"https:\/\/wellcomecollection.org\/\">Wellcome collection<\/a>. Londres, dedicat a la salut<\/li>\n<li><a href=\"https:\/\/museumvandegeest.nl\/english-information\/\">Museum of the Mind<\/a>, Haarlem<\/li>\n<li><a href=\"https:\/\/www.uakron.edu\/chp\/museum\/\">National Museum of psychology<\/a> Akron, Ohio. The National Museum of Psychology invites visitors to explore the history of our attempts to understand the human experience. Highlights include interactive exhibits on memory, intelligence, and personality; home movies of Sigmund Freud; a Nobel Prize; the simulated shock generator from Stanley Milgram&#8217;s obedience studies, and; artifacts from the Stanford Prison Experiment.<\/li>\n<li><a href=\"https:\/\/museumofthemind.org.uk\/collections\">Bethlem Museum of the Mind<\/a>, a l&#8217;hospital psiqui\u00e0tric m\u00e9s antic del m\u00f3n (1247), orientat als trastorns mentals. <a href=\"https:\/\/museumofthemind.org.uk\/visit\/360-tour\">Visita virtual<\/a>.<\/li>\n<li><a href=\"https:\/\/www.chicagobooth.edu\/mindworks\/explore\/exhibits\">Mind Works<\/a>. Chicago. Sobre com funciona la ment, els visitants contribueixen a provar hip\u00f2tesis fent tests. <a href=\"https:\/\/www.chicagobooth.edu\/mindworks\/explore\/exhibits\/the-power-of-regrets\">The power of regrets<\/a>. <a href=\"https:\/\/www.chicagobooth.edu\/mindworks\/explore\/exhibits\/what-shapes-your-choices\">What shapes our choices<\/a>. <a href=\"https:\/\/www.chicagobooth.edu\/mindworks\/explore\/exhibits\/design-your-best-life\">Design your best life.<\/a><\/li>\n<li><a href=\"https:\/\/psychmuseum.uwgbdigital.org\/\">The Virtual Museum of Psychology<\/a>. Universitat de Wisconsin. [plantejat com un edifici virtual, la navegaci\u00f3 \u00e9s inconsistent].<\/li>\n<li><a href=\"https:\/\/medicine.buffalo.edu\/about\/community_outreach\/brain-museum.html\">Brain Museum<\/a>, Universitat de Buffalo<\/li>\n<li><a href=\"https:\/\/www.freud.org.uk\/visit\/virtual-tour\/\">Freud Museum<\/a>, Londres.<\/li>\n<li><a style=\"font-size: 1rem;\" href=\"http:\/\/meumon.synology.me\/museu\/museum-of-lost-wonder\/\">Museum of Lost Wonder<\/a>\u00a0 Jeff Hoke. Plantejat com un trajecte alqu\u00edmic, recorre diversos aspectes de la psique humana i aporta\n<ul>\n<li>un Mandala on trobem les diferents opcions de la vida<\/li>\n<li>el teatre de la ment [l&#8217;escena que emergeix]<\/li>\n<li>el cam\u00ed de la vida, com diverses escenes de la infantesa a la vellesa<\/li>\n<li>els &#8220;caballitos&#8221; de la vida, el cicle de naixement, creixement i mort<\/li>\n<li>l&#8217;arquitectura de la imginaci\u00f3, la ment com una casa amb habitacions<\/li>\n<\/ul>\n<\/li>\n<\/ul>\n<p>&nbsp;<\/p>\n<ul>\n<li>facultat de medecina, teatre diseccions \/ clinica revisi\u00f3 m\u00e8dica<\/li>\n<li>imatges xarxa neuronal + labvoraori Wundt\u00a0 \u00a0&lt;-&gt;\u00a0 correlaci\u00f3 sensacions<\/li>\n<li>laboratori skinner conducta, tests d&#8217;intl\u00b7Lig\u00e8ncia i personalitat<\/li>\n<li>l&#8217;experi\u00e8ncia subjectiva, sensacions,corrent de consci\u00e8ncia<\/li>\n<li>el sof\u00e0 del terapeuta<\/li>\n<li>biografies autobiografies novel\u00b7les<\/li>\n<li>els mems, enquesta qu\u00e8 penses, quina m\u00fasica t&#8217;agrada? a qui votes<\/li>\n<li>l&#8217;individu en la hist\u00f2ria, qu\u00e8 produeixes, que consumeixes, on treballes, quin \u00e9s el teu paper, ets un estorb?<\/li>\n<li>laboratoris de psicologia<\/li>\n<li>consulta terapeuta<\/li>\n<li>cables al cap per sensacions, penfield machine<\/li>\n<li>com un zool\u00f2gic on observem els humans en diferents situacions<\/li>\n<li>[edificis museu: cos, cervell, psicologia conducta, experi\u00e8ncia (iceberg, sensacions, emocionms, projectes, pensaments), vides]<\/li>\n<li>Dimoni de Laplace i dimoni bi\u00f2graf<\/li>\n<\/ul>\n<p>&nbsp;<\/p>\n<p>DALT<\/p>\n<ul>\n<li>la vida humana: \u00e0lbum de fotos i llibreta de la mare. fitxa introducci\u00f3<\/li>\n<li>model anatomia, cervell, figures evoluci\u00f3. Fitxa cos i cervell, filog\u00e8nia<\/li>\n<li>vides humanes en xarxa figures societats. Fitxa Ci\u00e8ncies humanes<\/li>\n<li>l&#8217;experi\u00e8ncia humana: maqueta teatre de la ment + fitxa<\/li>\n<\/ul>\n<p>BAIX<\/p>\n<ul>\n<li>Cap frenol\u00f2gic. Fitxa introducci\u00f3 filosofia Fitxa son i vig\u00edlia qu\u00e8 ens passa pel cap.<\/li>\n<li>sensaci\u00f3 i percepci\u00f3 + aprenentatge i condicionament + intel\u00b7lig\u00e8ncia<\/li>\n<li>Freud, motivaci\u00f3 i emocions personalitat desenvolupament<\/li>\n<li>psi.social + salut mental<\/li>\n<\/ul>\n","protected":false},"excerpt":{"rendered":"<p>Introducci\u00f3\u00a0 \u00a0 |\u00a0 \u00a0Hist\u00f2ria de com s&#8217;ha pensat la vida humana\u00a0 |\u00a0 Ontog\u00e8nia i filog\u00e8nia\u00a0 \u00a0|\u00a0 \u00a0 El cos, Cervell, Xarxa neuronal\u00a0 \u00a0 |\u00a0 \u00a0Conducta: Psicologia\u00a0 \u00a0|\u00a0 Xarxa de vides, societat i cultura\u00a0 \u00a0|\u00a0 \u00a0L&#8217;experi\u00e8ncia humana\u00a0 \u00a0 |\u00a0 \u00a0 Vides humanes\u00a0 \u00a0 |\u00a0 \u00a0 Discussi\u00f3\u00a0 |\u00a0 Museu Introducci\u00f3 Qu\u00e8 trobem? Diversitat de dimensions i nivells &hellip; <\/p>\n<p class=\"link-more\"><a href=\"http:\/\/meumon.synology.me\/museu\/4-inventari-tot\/41-la-vida-humana\/\" class=\"more-link\">Continue reading<span class=\"screen-reader-text\"> &#8220;41 La Vida Humana&#8221;<\/span><\/a><\/p>\n","protected":false},"author":1,"featured_media":0,"parent":382,"menu_order":0,"comment_status":"closed","ping_status":"closed","template":"","meta":{"footnotes":""},"_links":{"self":[{"href":"http:\/\/meumon.synology.me\/museu\/wp-json\/wp\/v2\/pages\/945"}],"collection":[{"href":"http:\/\/meumon.synology.me\/museu\/wp-json\/wp\/v2\/pages"}],"about":[{"href":"http:\/\/meumon.synology.me\/museu\/wp-json\/wp\/v2\/types\/page"}],"author":[{"embeddable":true,"href":"http:\/\/meumon.synology.me\/museu\/wp-json\/wp\/v2\/users\/1"}],"replies":[{"embeddable":true,"href":"http:\/\/meumon.synology.me\/museu\/wp-json\/wp\/v2\/comments?post=945"}],"version-history":[{"count":0,"href":"http:\/\/meumon.synology.me\/museu\/wp-json\/wp\/v2\/pages\/945\/revisions"}],"up":[{"embeddable":true,"href":"http:\/\/meumon.synology.me\/museu\/wp-json\/wp\/v2\/pages\/382"}],"wp:attachment":[{"href":"http:\/\/meumon.synology.me\/museu\/wp-json\/wp\/v2\/media?parent=945"}],"curies":[{"name":"wp","href":"https:\/\/api.w.org\/{rel}","templated":true}]}}